{"id":311,"date":"2025-11-03T00:43:13","date_gmt":"2025-11-02T23:43:13","guid":{"rendered":"https:\/\/www.institutfrancaismali.org\/about\/"},"modified":"2026-01-25T13:13:44","modified_gmt":"2026-01-25T13:13:44","slug":"agenda-culturel","status":"publish","type":"page","link":"https:\/\/www.institutfrancaismali.org\/?page_id=311","title":{"rendered":"L&rsquo;Agenda Culturel"},"content":{"rendered":"\t\t<div data-elementor-type=\"wp-page\" data-elementor-id=\"311\" class=\"elementor elementor-311\" data-elementor-post-type=\"page\">\n\t\t\t\t<div class=\"elementor-element elementor-element-19b8c8c e-flex e-con-boxed e-con e-parent\" data-id=\"19b8c8c\" data-element_type=\"container\" data-e-type=\"container\" data-settings=\"{&quot;background_background&quot;:&quot;classic&quot;}\">\n\t\t\t\t\t<div class=\"e-con-inner\">\n\t\t<div class=\"elementor-element elementor-element-372848a e-con-full e-flex e-con e-child\" data-id=\"372848a\" data-element_type=\"container\" data-e-type=\"container\">\n\t\t\t\t<div class=\"elementor-element elementor-element-0ccf104 elementor-widget elementor-widget-heading\" data-id=\"0ccf104\" data-element_type=\"widget\" data-e-type=\"widget\" data-widget_type=\"heading.default\">\n\t\t\t\t\t<h1 class=\"elementor-heading-title elementor-size-default\">AGENDA CULTUREL<\/h1>\t\t\t\t<\/div>\n\t\t\t\t<\/div>\n\t\t\t\t\t<\/div>\n\t\t\t\t<\/div>\n\t\t<div class=\"elementor-element elementor-element-2a5eaec e-flex e-con-boxed e-con e-parent\" data-id=\"2a5eaec\" data-element_type=\"container\" data-e-type=\"container\">\n\t\t\t\t\t<div class=\"e-con-inner\">\n\t\t<div class=\"elementor-element elementor-element-0141155 e-con-full e-flex e-con e-child\" data-id=\"0141155\" data-element_type=\"container\" data-e-type=\"container\">\n\t\t\t\t<div class=\"elementor-element elementor-element-012d882 elementor-widget elementor-widget-heading\" data-id=\"012d882\" data-element_type=\"widget\" data-e-type=\"widget\" data-widget_type=\"heading.default\">\n\t\t\t\t\t<h2 class=\"elementor-heading-title elementor-size-default\">D\u00e9couvrez la richesse culturelle de l'Institut Fran\u00e7ais du Mali<\/h2>\t\t\t\t<\/div>\n\t\t\t\t<div class=\"elementor-element elementor-element-b475de3 elementor-widget elementor-widget-text-editor\" data-id=\"b475de3\" data-element_type=\"widget\" data-e-type=\"widget\" data-widget_type=\"text-editor.default\">\n\t\t\t\t\t\t\t\t\t<p>V\u00e9ritable carrefour de la cr\u00e9ation et de l&rsquo;\u00e9change au c\u0153ur de Bamako, l&rsquo;Institut Fran\u00e7ais du Mali est un acteur incontournable de la vie culturelle, proposant une programmation riche et \u00e9clectique ouverte \u00e0 tous les publics. C&rsquo;est un lieu de vie, de d\u00e9couverte et de dialogue entre les cultures malienne, fran\u00e7aise et francophone.<\/p><p>Nos activit\u00e9s s&rsquo;articulent autour de plusieurs grands axes pour satisfaire toutes les curiosit\u00e9s :<\/p><h3>\ud83c\udfad Spectacles Vivants<\/h3><p>L&rsquo;Institut vibre au rythme des arts de la sc\u00e8ne. Notre programmation met \u00e0 l&rsquo;honneur :<\/p><ul><li><p><b>La Musique :<\/b> Des concerts exceptionnels couvrant tous les genres, de la musique mandingue \u00e0 l&rsquo;afro-pop, en passant par le jazz, le blues et les sc\u00e8nes urbaines.<\/p><\/li><li><p><b>Le Th\u00e9\u00e2tre et la Danse :<\/b> Des pi\u00e8ces de th\u00e9\u00e2tre contemporaines, des spectacles de danse audacieux et des r\u00e9sidences de cr\u00e9ation qui soutiennent les artistes locaux et internationaux.<\/p><\/li><li><p><b>Les Mots en Sc\u00e8ne :<\/b> Des sc\u00e8nes ouvertes de slam et de po\u00e9sie qui donnent la parole aux talents \u00e9mergents.<\/p><\/li><\/ul>\t\t\t\t\t\t\t\t<\/div>\n\t\t\t\t<\/div>\n\t\t<div class=\"elementor-element elementor-element-e05b259 e-con-full e-flex e-con e-child\" data-id=\"e05b259\" data-element_type=\"container\" data-e-type=\"container\">\n\t\t\t\t<div class=\"elementor-element elementor-element-cf5e59b elementor-widget elementor-widget-text-editor\" data-id=\"cf5e59b\" data-element_type=\"widget\" data-e-type=\"widget\" data-widget_type=\"text-editor.default\">\n\t\t\t\t\t\t\t\t\t<h4>\ud83c\udfac Cin\u00e9ma<\/h4><p>Notre salle de cin\u00e9ma est une fen\u00eatre ouverte sur le monde, avec des projections r\u00e9guli\u00e8res :<\/p><ul><li><p><b>Cin\u00e9-d\u00e9bats<\/b> pour analyser et discuter des th\u00e9matiques de soci\u00e9t\u00e9.<\/p><\/li><li><p><b>Cycles th\u00e9matiques<\/b> mettant \u00e0 l&rsquo;honneur des r\u00e9alisateurs, des pays ou des genres sp\u00e9cifiques.<\/p><\/li><li><p><b>Cin\u00e9ma des familles<\/b> pour offrir des moments de partage aux petits et grands.<\/p><\/li><\/ul><h4>\ud83c\udfa8 Arts Visuels<\/h4><p>Nos espaces d&rsquo;exposition accueillent des artistes plasticiens, photographes et designers. Nous proposons des vernissages et des expositions qui permettent de d\u00e9couvrir la sc\u00e8ne artistique contemporaine malienne et internationale.<\/p><h4>\ud83d\udcda D\u00e9bats d&rsquo;id\u00e9es et M\u00e9diath\u00e8que<\/h4><p>Plus qu&rsquo;une simple biblioth\u00e8que, notre m\u00e9diath\u00e8que est un p\u00f4le de connaissance et de rencontre :<\/p><ul><li><p><b>Rencontres litt\u00e9raires<\/b> avec des auteurs.<\/p><\/li><li><p><b>D\u00e9bats philosophiques<\/b> et conf\u00e9rences sur les grands enjeux actuels.<\/p><\/li><li><p><b>Ateliers num\u00e9riques<\/b> et un espace d\u00e9di\u00e9 au jeune public avec des contes, des jeux et des ateliers cr\u00e9atifs.<\/p><\/li><\/ul>\t\t\t\t\t\t\t\t<\/div>\n\t\t\t\t<\/div>\n\t\t\t\t\t<\/div>\n\t\t\t\t<\/div>\n\t\t<div class=\"elementor-element elementor-element-ecd970d e-flex e-con-boxed e-con e-parent\" data-id=\"ecd970d\" data-element_type=\"container\" data-e-type=\"container\" data-settings=\"{&quot;background_background&quot;:&quot;classic&quot;}\">\n\t\t\t\t\t<div class=\"e-con-inner\">\n\t\t\t\t<div class=\"elementor-element elementor-element-fae8f8e elementor-widget elementor-widget-heading\" data-id=\"fae8f8e\" data-element_type=\"widget\" data-e-type=\"widget\" data-widget_type=\"heading.default\">\n\t\t\t\t\t<h2 class=\"elementor-heading-title elementor-size-default\">L'Institut Fran\u00e7ais du Mali, c'est avant tout une invitation permanente \u00e0 la d\u00e9couverte, \u00e0 l'\u00e9motion et au partage.<\/h2>\t\t\t\t<\/div>\n\t\t\t\t\t<\/div>\n\t\t\t\t<\/div>\n\t\t<div class=\"elementor-element elementor-element-b659cd4 e-flex e-con-boxed elementor-invisible e-con e-parent\" data-id=\"b659cd4\" data-element_type=\"container\" data-e-type=\"container\" data-settings=\"{&quot;background_background&quot;:&quot;classic&quot;,&quot;animation&quot;:&quot;bounceIn&quot;}\">\n\t\t\t\t\t<div class=\"e-con-inner\">\n\t\t<div class=\"elementor-element elementor-element-5e5297e e-con-full e-flex e-con e-child\" data-id=\"5e5297e\" data-element_type=\"container\" data-e-type=\"container\">\n\t\t\t\t<div class=\"elementor-element elementor-element-c27ede8 elementor-widget elementor-widget-heading\" data-id=\"c27ede8\" data-element_type=\"widget\" data-e-type=\"widget\" data-widget_type=\"heading.default\">\n\t\t\t\t\t<h2 class=\"elementor-heading-title elementor-size-default\">Tous les \u00e9v\u00e8nements<\/h2>\t\t\t\t<\/div>\n\t\t\t\t<\/div>\n\t\t\t\t\t<\/div>\n\t\t\t\t<\/div>\n\t\t<div class=\"elementor-element elementor-element-3dc1cc2 e-flex e-con-boxed e-con e-parent\" data-id=\"3dc1cc2\" data-element_type=\"container\" data-e-type=\"container\">\n\t\t\t\t\t<div class=\"e-con-inner\">\n\t\t\t\t<div class=\"elementor-element elementor-element-342a0ef elementor-widget elementor-widget-ova_events\" data-id=\"342a0ef\" data-element_type=\"widget\" data-e-type=\"widget\" data-widget_type=\"ova_events.default\">\n\t\t\t\t<div class=\"elementor-widget-container\">\n\t\t\t\t\t\n<div class=\"ovaev-event-element version_3\">\n\t\t\t<div class=\"container-event\">\n\t\t\t<div id=\"main-event\" class=\"content-event\">\n\t\t\t\t<div class=\"archive_event col3\">\n\t\t\t\t\t\t\t\t\t\t\t<div class=\"search_not_found\">\n\t\t\t\t\t\t\tNo events found!\t\t\t\t\t\t<\/div>\n\t\t\t\t\t\t\t\t\t<\/div>\n\t\t\t<\/div>\n\t\t<\/div>\n\t<\/div>\t\t\t\t<\/div>\n\t\t\t\t<\/div>\n\t\t\t\t\t<\/div>\n\t\t\t\t<\/div>\n\t\t<div class=\"elementor-element elementor-element-2e2f4aa e-flex e-con-boxed e-con e-parent\" data-id=\"2e2f4aa\" data-element_type=\"container\" data-e-type=\"container\">\n\t\t\t\t\t<div class=\"e-con-inner\">\n\t\t<div class=\"elementor-element elementor-element-93e9caf e-con-full e-flex e-con e-child\" data-id=\"93e9caf\" data-element_type=\"container\" data-e-type=\"container\">\n\t\t\t\t<div class=\"elementor-element elementor-element-4768e6b elementor-widget elementor-widget-heading\" data-id=\"4768e6b\" data-element_type=\"widget\" data-e-type=\"widget\" data-widget_type=\"heading.default\">\n\t\t\t\t\t<h2 class=\"elementor-heading-title elementor-size-default\">IFM Infos...<\/h2>\t\t\t\t<\/div>\n\t\t\t\t<div class=\"elementor-element elementor-element-afcae50 elementor-widget elementor-widget-prime-slider-rubix\" data-id=\"afcae50\" data-element_type=\"widget\" data-e-type=\"widget\" data-widget_type=\"prime-slider-rubix.default\">\n\t\t\t\t\t\n\t\t\t\t\t\t<div class=\"bdt-prime-slider-rubix\">\n\t\t\t<div id=\"bdt-prime-slider-afcae50\" class=\"bdt-rubix-slider elementor-swiper bdt-slide-style-1\" data-settings=\"{&quot;autoplay&quot;:{&quot;delay&quot;:5000},&quot;loop&quot;:true,&quot;speed&quot;:900,&quot;slidesPerView&quot;:1,&quot;slidesPerGroup&quot;:1,&quot;loopedSlides&quot;:4,&quot;centeredSlides&quot;:true,&quot;effect&quot;:&quot;slide&quot;,&quot;parallax&quot;:true,&quot;breakpoints&quot;:{&quot;768&quot;:{&quot;slidesPerView&quot;:1,&quot;slidesPerGroup&quot;:1},&quot;1024&quot;:{&quot;slidesPerView&quot;:2,&quot;slidesPerGroup&quot;:1}},&quot;navigation&quot;:{&quot;nextEl&quot;:&quot;#bdt-prime-slider-afcae50 .bdt-navigation-next&quot;,&quot;prevEl&quot;:&quot;#bdt-prime-slider-afcae50 .bdt-navigation-prev&quot;},&quot;lazy&quot;:{&quot;loadPrevNext&quot;:&quot;true&quot;},&quot;thumbs&quot;:{&quot;swiper&quot;:{&quot;el&quot;:&quot;#bdt-prime-slider-afcae50 .bdt-thumb-slider&quot;,&quot;slidesPerView&quot;:2,&quot;spaceBetween&quot;:10,&quot;watchSlidesVisibility&quot;:true,&quot;watchSlidesProgress&quot;:true,&quot;slideToClickedSlide&quot;:true,&quot;observer&quot;:false,&quot;observeParents&quot;:false,&quot;loop&quot;:true,&quot;speed&quot;:900,&quot;scrollbar&quot;:{&quot;el&quot;:&quot;#bdt-prime-slider-afcae50 .swiper-scrollbar&quot;,&quot;draggable&quot;:true},&quot;breakpoints&quot;:{&quot;768&quot;:{&quot;slidesPerView&quot;:3,&quot;spaceBetween&quot;:15}}}}}\">\n\t\t\t\t<div class=\"bdt-main-slider swiper\" role=\"region\" aria-roledescription=\"carousel\" aria-label=\"Rubix Slider\" dir=\"ltr\">\n\t\t\t\t\t<div class=\"swiper-wrapper\">\n\t\t\t\t\t\t\n\t\t\t\t<div class=\"bdt-item  swiper-slide\">\n\t\t\t\t\t<div class=\"bdt-slider-progress\"><\/div>\n\t\t\t\t\t<div class=\"bdt-img-wrap\">\n\t\t\t\t\t\t<img fetchpriority=\"high\" decoding=\"async\" width=\"779\" height=\"1000\" src=\"https:\/\/www.institutfrancaismali.org\/wp-content\/uploads\/2026\/01\/512.jpg\" class=\"bdt-img swiper-lazy\" alt=\"Appel \u00e0 candidature\" srcset=\"https:\/\/www.institutfrancaismali.org\/wp-content\/uploads\/2026\/01\/512.jpg 779w, https:\/\/www.institutfrancaismali.org\/wp-content\/uploads\/2026\/01\/512-234x300.jpg 234w, https:\/\/www.institutfrancaismali.org\/wp-content\/uploads\/2026\/01\/512-768x986.jpg 768w, https:\/\/www.institutfrancaismali.org\/wp-content\/uploads\/2026\/01\/512-600x770.jpg 600w\" sizes=\"(max-width: 779px) 100vw, 779px\"  title=\"Appel \u00e0 candidature\" \/>\t\t\t\t\t\t\t\t\t\t\t\t\t<div class=\"bdt-read-more\">\n\t\t\t\t\t\t\t\t<a data-reveal=\"reveal-active\" href=\"https:\/\/www.institutfrancaismali.org\/?p=2283\">\n\t\t\t\t\t\t\t\t\t<i class=\"ps-wi-link\"><\/i>\n\t\t\t\t\t\t\t\t\t<span>\n\t\t\t\t\t\t\t\t\t\tRead More\t\t\t\t\t\t\t\t\t<\/span>\n\t\t\t\t\t\t\t\t<\/a>\n\t\t\t\t\t\t\t<\/div>\n\t\t\t\t\t\t\t\t\t\t\t<\/div>\n\t\t\t\t\t<div class=\"bdt-content\">\n\t\t\t\t\t\t\t\t<div class=\"bdt-category\" data-reveal=\"reveal-active\">\n\t\t<a href=\"https:\/\/www.institutfrancaismali.org\/?cat=37\" rel=\"tag\">Infomation<\/a>\t\t<\/div>\n\t\t\t\t\t\t\t\t<h3 class=\"bdt-title\" data-reveal=\"reveal-active\">\n\t\t\t\t<a href=\"https:\/\/www.institutfrancaismali.org\/?p=2283\" title=\"Appel \u00e0 candidature\">Appel \u00e0 candidature<\/a>\n\t\t\t<\/h3>\t\t\t\t\t\t\t\t<div class=\"bdt-text\" data-reveal=\"reveal-active\">\n\t\t\tL\u2019ambassade de France au Mali recrute un(e) gestionnaire administratif\/ve qui sera affect\u00e9(e) au Service de coop\u00e9ration et d\u2019action culturelle (Scac) de l\u2019ambassade....\t\t<\/div>\n\t\t\n\t\t\t\t\t\t\t\t\t\t\t\t\t<div class=\"bdt-meta bdt-flex-inline\" data-reveal=\"reveal-active\">\n\t\t\t\t\t\t\t\t\t\t<div class=\"bdt-date-time\">\n\t\t\t<div class=\"bdt-date\">\n\t\t\t\t<i class=\"ps-wi-calendar\" aria-hidden=\"true\"><\/i>\n\t\t\t\t<span>\n\t\t\t\t\t22 janvier 2026\t\t\t\t<\/span>\n\n\t\t\t<\/div>\n\t\t\t\t\t<\/div>\n\n\t\t\t\t\t\t\t\t\t<\/div>\n\t\t\t\t\t\t\t\t\t\t\t<\/div>\n\t\t\t\t<\/div>\n\n\t\t\t\t\t\t\t\t\t<\/div>\n\t\t\t\t<\/div>\n\t\t\t\t\t\t\t\t<div thumbsSlider=\"\" class=\"bdt-thumb-slider swiper\">\n\t\t\t\t\t<div class=\"swiper-wrapper\">\n\t\t\t\t\t\t\n\t\t\t\t<div class=\"bdt-item swiper-slide\">\n\t\t\t\t\t<div class=\"bdt-content\">\n\t\t\t\t\t\t<h3 class=\"bdt-title\" data-reveal=\"reveal-active\">\n                <a href=\"https:\/\/www.institutfrancaismali.org\/?p=2283\" title=\"Appel \u00e0 candidature\">\n                    Appel \u00e0 candidature\n                <\/a>\n            <\/h3>\t\t\t\t\t\t\t\t\t\t\t\t\t<div class=\"bdt-meta\" data-reveal=\"reveal-active\">\n\t\t\t\t\t\t\t\t\t\t<div class=\"bdt-author bdt-flex\">\n\t\t\t<a href=\"https:\/\/www.institutfrancaismali.org\/?author=1\">\n\t\t\t\t<i class=\"ps-wi-user-circle-o\" aria-hidden=\"true\"><\/i>\n\t\t\t\tif_mali\t\t\t<\/a>\n\t\t<\/div>\n\t\t\t\t\t\t\t\t\t<\/div>\n\t\t\t\t\t\t\n\t\t\t\t\t<\/div>\n\t\t\t\t<\/div>\n\t\t\t\t\t\t\t\t\t<\/div>\n\t\t\t\t<\/div>\n\n\t\t\t<\/div>\n\t\t<\/div>\n\t\t\t\t\t\t<\/div>\n\t\t\t\t<\/div>\n\t\t\t\t\t<\/div>\n\t\t\t\t<\/div>\n\t\t\t\t<\/div>\n\t\t","protected":false},"excerpt":{"rendered":"<p>AGENDA CULTUREL D\u00e9couvrez la richesse culturelle de l&rsquo;Institut Fran\u00e7ais du Mali V\u00e9ritable carrefour de la cr\u00e9ation et de l&rsquo;\u00e9change au c\u0153ur de Bamako, l&rsquo;Institut Fran\u00e7ais du Mali est un acteur incontournable de la vie culturelle, proposant une programmation riche et \u00e9clectique ouverte \u00e0 tous les publics. C&rsquo;est un lieu de vie, de d\u00e9couverte et de [&hellip;]<\/p>\n","protected":false},"author":1,"featured_media":0,"parent":0,"menu_order":0,"comment_status":"closed","ping_status":"closed","template":"","meta":{"site-sidebar-layout":"no-sidebar","site-content-layout":"page-builder","ast-site-content-layout":"default","site-content-style":"default","site-sidebar-style":"default","ast-global-header-display":"","ast-banner-title-visibility":"","ast-main-header-display":"","ast-hfb-above-header-display":"","ast-hfb-below-header-display":"","ast-hfb-mobile-header-display":"","site-post-title":"disabled","ast-breadcrumbs-content":"disabled","ast-featured-img":"disabled","footer-sml-layout":"","ast-disable-related-posts":"","theme-transparent-header-meta":"enabled","adv-header-id-meta":"","stick-header-meta":"","header-above-stick-meta":"","header-main-stick-meta":"","header-below-stick-meta":"","astra-migrate-meta-layouts":"default","ast-page-background-enabled":"default","ast-page-background-meta":{"desktop":{"background-color":"var(--ast-global-color-4)","background-image":"","background-repeat":"repeat","background-position":"center center","background-size":"auto","background-attachment":"scroll","background-type":"","background-media":"","overlay-type":"","overlay-color":"","overlay-opacity":"","overlay-gradient":""},"tablet":{"background-color":"","background-image":"","background-repeat":"repeat","background-position":"center center","background-size":"auto","background-attachment":"scroll","background-type":"","background-media":"","overlay-type":"","overlay-color":"","overlay-opacity":"","overlay-gradient":""},"mobile":{"background-color":"","background-image":"","background-repeat":"repeat","background-position":"center center","background-size":"auto","background-attachment":"scroll","background-type":"","background-media":"","overlay-type":"","overlay-color":"","overlay-opacity":"","overlay-gradient":""}},"ast-content-background-meta":{"desktop":{"background-color":"var(--ast-global-color-5)","background-image":"","background-repeat":"repeat","background-position":"center center","background-size":"auto","background-attachment":"scroll","background-type":"","background-media":"","overlay-type":"","overlay-color":"","overlay-opacity":"","overlay-gradient":""},"tablet":{"background-color":"var(--ast-global-color-5)","background-image":"","background-repeat":"repeat","background-position":"center center","background-size":"auto","background-attachment":"scroll","background-type":"","background-media":"","overlay-type":"","overlay-color":"","overlay-opacity":"","overlay-gradient":""},"mobile":{"background-color":"var(--ast-global-color-5)","background-image":"","background-repeat":"repeat","background-position":"center center","background-size":"auto","background-attachment":"scroll","background-type":"","background-media":"","overlay-type":"","overlay-color":"","overlay-opacity":"","overlay-gradient":""}},"footnotes":""},"class_list":["post-311","page","type-page","status-publish","hentry"],"_links":{"self":[{"href":"https:\/\/www.institutfrancaismali.org\/index.php?rest_route=\/wp\/v2\/pages\/311","targetHints":{"allow":["GET"]}}],"collection":[{"href":"https:\/\/www.institutfrancaismali.org\/index.php?rest_route=\/wp\/v2\/pages"}],"about":[{"href":"https:\/\/www.institutfrancaismali.org\/index.php?rest_route=\/wp\/v2\/types\/page"}],"author":[{"embeddable":true,"href":"https:\/\/www.institutfrancaismali.org\/index.php?rest_route=\/wp\/v2\/users\/1"}],"replies":[{"embeddable":true,"href":"https:\/\/www.institutfrancaismali.org\/index.php?rest_route=%2Fwp%2Fv2%2Fcomments&post=311"}],"version-history":[{"count":31,"href":"https:\/\/www.institutfrancaismali.org\/index.php?rest_route=\/wp\/v2\/pages\/311\/revisions"}],"predecessor-version":[{"id":2353,"href":"https:\/\/www.institutfrancaismali.org\/index.php?rest_route=\/wp\/v2\/pages\/311\/revisions\/2353"}],"wp:attachment":[{"href":"https:\/\/www.institutfrancaismali.org\/index.php?rest_route=%2Fwp%2Fv2%2Fmedia&parent=311"}],"curies":[{"name":"wp","href":"https:\/\/api.w.org\/{rel}","templated":true}]}}